{"id":10061,"date":"2023-11-13T16:38:38","date_gmt":"2023-11-13T15:38:38","guid":{"rendered":"https:\/\/camping-leragis.com\/locaties\/"},"modified":"2024-02-27T17:29:21","modified_gmt":"2024-02-27T16:29:21","slug":"locaties","status":"publish","type":"page","link":"https:\/\/camping-leragis.com\/nl\/locaties\/","title":{"rendered":"Locaties"},"content":{"rendered":"\n<h2 class=\"wp-block-heading\">Zet je caravan, tent of camper neer op een rustige camping in de Vend\u00e9e.<\/h2>\n\n\n\n<div class=\"wp-block-columns are-vertically-aligned-center is-layout-flex wp-container-core-columns-is-layout-28f84493 wp-block-columns-is-layout-flex\">\n<div class=\"wp-block-column is-vertically-aligned-center is-layout-flow wp-block-column-is-layout-flow\">\n<div class=\"wp-block-cover img-frame\" style=\"margin-top:var(--wp--preset--spacing--80);margin-bottom:var(--wp--preset--spacing--80)\"><span aria-hidden=\"true\" class=\"wp-block-cover__background has-background-dim-0 has-background-dim\"><\/span><img loading=\"lazy\" decoding=\"async\" width=\"1200\" height=\"900\" class=\"wp-block-cover__image-background wp-image-8700\" alt=\"emplacement camping le Ragis\" src=\"https:\/\/camping-leragis.com\/wp-content\/uploads\/2023\/11\/divers-camping-2008-104-1.jpg\" data-object-fit=\"cover\" srcset=\"https:\/\/camping-leragis.com\/wp-content\/uploads\/2023\/11\/divers-camping-2008-104-1.jpg 1200w, https:\/\/camping-leragis.com\/wp-content\/uploads\/2023\/11\/divers-camping-2008-104-1-300x225.jpg 300w, https:\/\/camping-leragis.com\/wp-content\/uploads\/2023\/11\/divers-camping-2008-104-1-1024x768.jpg 1024w, https:\/\/camping-leragis.com\/wp-content\/uploads\/2023\/11\/divers-camping-2008-104-1-768x576.jpg 768w\" sizes=\"auto, (max-width: 1200px) 100vw, 1200px\" \/><div class=\"wp-block-cover__inner-container is-layout-constrained wp-block-cover-is-layout-constrained\">\n<figure class=\"wp-block-image size-full\"><img loading=\"lazy\" decoding=\"async\" width=\"550\" height=\"550\" src=\"https:\/\/camping-leragis.com\/wp-content\/uploads\/2024\/01\/frame.png\" alt=\"\" class=\"wp-image-9371\" srcset=\"https:\/\/camping-leragis.com\/wp-content\/uploads\/2024\/01\/frame.png 550w, https:\/\/camping-leragis.com\/wp-content\/uploads\/2024\/01\/frame-300x300.png 300w, https:\/\/camping-leragis.com\/wp-content\/uploads\/2024\/01\/frame-150x150.png 150w\" sizes=\"auto, (max-width: 550px) 100vw, 550px\" \/><\/figure>\n<\/div><\/div>\n<\/div>\n\n\n\n<div class=\"wp-block-column is-vertically-aligned-center is-layout-flow wp-block-column-is-layout-flow\">\n<h3 class=\"wp-block-heading\">Onze comfortabele staanplaatsen voor tenten, caravans of campers!<\/h3>\n\n\n\n<p>Als je de trotse eigenaar bent van een camper, caravan of tent, breng je je vakantie waarschijnlijk door op een <strong>traditionele camping<\/strong>.  <\/p>\n\n\n\n<p>Op Camping Le Ragis kun je genieten van een <strong>vakantie in de open lucht<\/strong> op onze ruime <strong>kampeerplaatsen in de Vend\u00e9e, vari\u00ebrend van 120 tot 200 m\u00b2<\/strong>. In een aangename en rustige omgeving geniet je van de warme sfeer van onze camping midden in <strong>de natuur<\/strong>, met <a href=\"https:\/\/camping-leragis.com\/nl\/aquatisch-gebied\/\" data-type=\"page\" data-id=\"10080\">buiten- en overdekte zwembaden<\/a>. Onze <strong>kampeerplaatsen in de Vend\u00e9e voor tenten, caravans en campers<\/strong> zijn beplant met bomen en omzoomd door heggen, zodat je kunt ontspannen in volledige privacy.<\/p>\n\n\n\n<p>Elk perceel heeft <strong>elektriciteit (10 amp\u00e8re<\/strong> ) en gemakkelijke toegang tot een waterpunt (fontein in de buurt). Er zijn ook 3<strong> toiletgebouwen<\/strong> met wc&#8217;s, douches, ruimtes voor mensen met beperkte mobiliteit (PRM), een babyruimte, wasfaciliteiten en afwasbakken. Of je nu kiest om te kamperen in een tent of een caravan, je kunt je voertuig op je kampeerplaats parkeren.  <\/p>\n\n\n\n<p>De comfortplaatsen zijn geschikt voor maximaal 6 personen.<\/p>\n\n\n\n<p>De<strong> <\/strong>Extra campers kunnen niet worden opgenomen in de voertuigtoeslag. E\u00e9n camper = \u00e9\u00e9n kampeerplaats.<\/p>\n<\/div>\n<\/div>\n\n\n\n<div class=\"wp-block-columns has-background is-layout-flex wp-container-core-columns-is-layout-28f84493 wp-block-columns-is-layout-flex\" style=\"background-color:#ff984f26\">\n<div class=\"wp-block-column is-layout-flow wp-block-column-is-layout-flow\">\n<p><strong>Onze XXL tribale staanplaatsen voor maximaal 8 personen<\/strong><\/p>\n\n\n\n<p>Zoals je kunt zien, zijn er hier geen halve maatregelen! Maar wat is het beste aan deze locaties?  <\/p>\n\n\n\n<p>Deze zeer ruime kampeerplaatsen (ongeveer 250 m\u00b2) zijn ideaal voor grote gezinnen, gemengde families of vrienden.<\/p>\n\n\n\n<p>Je vindt er hetzelfde comfort als op de andere kampeerplaatsen, maar je kunt er kamperen met maximaal 8 personen.<\/p>\n<\/div>\n\n\n\n<div class=\"wp-block-column is-layout-flow wp-block-column-is-layout-flow\">\n<figure class=\"wp-block-image size-large\"><img loading=\"lazy\" decoding=\"async\" width=\"1024\" height=\"823\" src=\"https:\/\/camping-leragis.com\/wp-content\/uploads\/2024\/02\/bjjb-1024x823.jpg\" alt=\"tentplaats\" class=\"wp-image-9728\" srcset=\"https:\/\/camping-leragis.com\/wp-content\/uploads\/2024\/02\/bjjb-1024x823.jpg 1024w, https:\/\/camping-leragis.com\/wp-content\/uploads\/2024\/02\/bjjb-300x241.jpg 300w, https:\/\/camping-leragis.com\/wp-content\/uploads\/2024\/02\/bjjb-768x617.jpg 768w, https:\/\/camping-leragis.com\/wp-content\/uploads\/2024\/02\/bjjb-1536x1234.jpg 1536w, https:\/\/camping-leragis.com\/wp-content\/uploads\/2024\/02\/bjjb.jpg 1859w\" sizes=\"auto, (max-width: 1024px) 100vw, 1024px\" \/><\/figure>\n<\/div>\n<\/div>\n\n\n\n<ul class=\"wp-block-list\">\n<li>Flexibele huurperiode: minimaal 2 nachten op reservering<\/li>\n\n\n\n<li>Reserveringskosten: 20\u20ac juli &#8211; augustus of per post buiten het seizoen<\/li>\n\n\n\n<li>Betaling: 30% bij boeking, restant 1 maand voor aankomst, mogelijkheid tot betaling in termijnen.<\/li>\n\n\n\n<li>Betaalmethoden: bankkaart &#8211; overschrijving &#8211; cheque &#8211; ANCV cheque &#8211; ANCV connect &#8211; contant geld<\/li>\n\n\n\n<li>Optie annuleringsgarantie: 3% van de boekingsprijs<\/li>\n\n\n\n<li>Barbecue\/elektrische bakplaat niet toegestaan<\/li>\n<\/ul>\n\n\n\n<p>Aan de achterkant van de camping vind je een camperloslaatplaats.<\/p>\n\n\n\n<div class=\"wp-block-columns has-background is-layout-flex wp-container-core-columns-is-layout-28f84493 wp-block-columns-is-layout-flex\" style=\"background-color:#ff984f26\">\n<div class=\"wp-block-column is-layout-flow wp-block-column-is-layout-flow\">\n<h4 class=\"wp-block-heading has-text-align-center\">Diensten  <\/h4>\n\n\n\t\t<div class=\"presta-items\">\n\t\t\t\t\t<p>Aucune prestation de type incluses renseign\u00e9e.<\/p>\n\t\t\t\t<\/div>\n\t\t<\/div>\n\n\n\n<div class=\"wp-block-column is-layout-flow wp-block-column-is-layout-flow\">\n<h4 class=\"wp-block-heading has-text-align-center\">Optionele diensten<\/h4>\n\n\n\t\t<div class=\"presta-items\">\n\t\t\t\t\t<p>Aucune prestation de type options renseign\u00e9e.<\/p>\n\t\t\t\t<\/div>\n\t\t<\/div>\n\n\n\n<div class=\"wp-block-column is-layout-flow wp-block-column-is-layout-flow\">\n<h4 class=\"wp-block-heading has-text-align-center\">Huurvoorwaarden<\/h4>\n\n\n\n<ul class=\"wp-block-list\">\n<li>Borg voor beperkte tijd douchebadge (douches inbegrepen in diensten)<\/li>\n\n\n\n<li>Huisdieren toegestaan<\/li>\n\n\n\n<li>Toeristenbelasting: \u20ac0,45\/nacht per volwassene (+18 jaar)<\/li>\n\n\n\n<li>Aankomst na 13.30 &#8211; Vertrek voor 12.00<\/li>\n<\/ul>\n<\/div>\n<\/div>\n\n\n\n<p><\/p>\n\n\n<p><ctv-availability data-product-id=\"63455\" data-background-color=\"#FFFFFFFF\"><\/ctv-availability><\/p>\n\n\n<div class=\"wp-block-sev-diaporama alignfull\">\t\t\t<div id=\"sevgallery-3190604564\" class=\"sev-diaporama sev-diaporama-portfolio\">\n\t\t\t<div class=\"row\">\n\n\t\t\t\n\t\t\t\t\n\t\t\t\t<div class=\"sev-diaporama-portfolio-item col-12 col-sm  col-shrink\">\n\n\t\t\t\t\t\t\t\t\t\t<a href=\"https:\/\/camping-leragis.com\/wp-content\/uploads\/2023\/11\/camping-083.jpg\" data-lightbox=\"sevgallery-3190604564\" style=\"background-image: url(https:\/\/camping-leragis.com\/wp-content\/uploads\/2023\/11\/camping-083.jpg)\">\n\t\t\t\t\t\t\t\t\t\t\t<img decoding=\"async\" src=\"https:\/\/camping-leragis.com\/wp-content\/uploads\/2023\/11\/camping-083.jpg\" alt=\"\" loading=\"lazy\">\n\t\t\t\t\t\t\t\t\t\t<\/a>\n\t\t\t\t\t\t\t\t\t<\/div>\n\n\t\t\t\t\n\t\t\t\t\t\t\t\t\t\t\t\n\t\t\t\t\n\t\t\t\t<div class=\"sev-diaporama-portfolio-item col-12 col-sm \">\n\n\t\t\t\t\t\t\t\t\t\t<a href=\"https:\/\/camping-leragis.com\/wp-content\/uploads\/2023\/11\/IMG_0117.jpg\" data-lightbox=\"sevgallery-3190604564\" style=\"background-image: url(https:\/\/camping-leragis.com\/wp-content\/uploads\/2023\/11\/IMG_0117.jpg)\">\n\t\t\t\t\t\t\t\t\t\t\t<img decoding=\"async\" src=\"https:\/\/camping-leragis.com\/wp-content\/uploads\/2023\/11\/IMG_0117.jpg\" alt=\"emplacement camping le Ragis\" loading=\"lazy\">\n\t\t\t\t\t\t\t\t\t\t<\/a>\n\t\t\t\t\t\t\t\t\t<\/div>\n\n\t\t\t\t\n\t\t\t\t\t\t\t\t\t\t\t\n\t\t\t\t\n\t\t\t\t<div class=\"sev-diaporama-portfolio-item col-12 col-sm \">\n\n\t\t\t\t\t\t\t\t\t\t<a href=\"https:\/\/camping-leragis.com\/wp-content\/uploads\/2023\/11\/camping-099.jpg\" data-lightbox=\"sevgallery-3190604564\" style=\"background-image: url(https:\/\/camping-leragis.com\/wp-content\/uploads\/2023\/11\/camping-099.jpg)\">\n\t\t\t\t\t\t\t\t\t\t\t<img decoding=\"async\" src=\"https:\/\/camping-leragis.com\/wp-content\/uploads\/2023\/11\/camping-099.jpg\" alt=\"\" loading=\"lazy\">\n\t\t\t\t\t\t\t\t\t\t<\/a>\n\t\t\t\t\t\t\t\t\t<\/div>\n\n\t\t\t\t\n\t\t\t\t\t\t\t\t\t\t\t\n\t\t\t\t\n\t\t\t\t<div class=\"sev-diaporama-portfolio-item col-12 col-sm  col-shrink\">\n\n\t\t\t\t\t\t\t\t\t\t<a href=\"https:\/\/camping-leragis.com\/wp-content\/uploads\/2023\/11\/divers-330.jpg\" data-lightbox=\"sevgallery-3190604564\" style=\"background-image: url(https:\/\/camping-leragis.com\/wp-content\/uploads\/2023\/11\/divers-330.jpg)\">\n\t\t\t\t\t\t\t\t\t\t\t<img decoding=\"async\" src=\"https:\/\/camping-leragis.com\/wp-content\/uploads\/2023\/11\/divers-330.jpg\" alt=\"emplacement camping le Ragis\" loading=\"lazy\">\n\t\t\t\t\t\t\t\t\t\t<\/a>\n\t\t\t\t\t\t\t\t\t<\/div>\n\n\t\t\t\t\t\t\t\t\t<div class=\"w-100\"><\/div>\n\t\t\t\t\t\t\t\t\t\n\t\t\t\t\t\t\t\t\t\t\t\n\t\t\t\t\n\t\t\t\t<div class=\"sev-diaporama-portfolio-item col-12 col-sm  col-grow\">\n\n\t\t\t\t\t\t\t\t\t\t<a href=\"https:\/\/camping-leragis.com\/wp-content\/uploads\/2023\/11\/divers-camping-2008-104-1.jpg\" data-lightbox=\"sevgallery-3190604564\" style=\"background-image: url(https:\/\/camping-leragis.com\/wp-content\/uploads\/2023\/11\/divers-camping-2008-104-1.jpg)\">\n\t\t\t\t\t\t\t\t\t\t\t<img decoding=\"async\" src=\"https:\/\/camping-leragis.com\/wp-content\/uploads\/2023\/11\/divers-camping-2008-104-1.jpg\" alt=\"\" loading=\"lazy\">\n\t\t\t\t\t\t\t\t\t\t<\/a>\n\t\t\t\t\t\t\t\t\t<\/div>\n\n\t\t\t\t\n\t\t\t\t\t\t\t\t\t\t\t\n\t\t\t\t\n\t\t\t\t<div class=\"sev-diaporama-portfolio-item col-12 col-sm \">\n\n\t\t\t\t\t\t\t\t\t\t<a href=\"https:\/\/camping-leragis.com\/wp-content\/uploads\/2023\/11\/IMG_0013.jpg\" data-lightbox=\"sevgallery-3190604564\" style=\"background-image: url(https:\/\/camping-leragis.com\/wp-content\/uploads\/2023\/11\/IMG_0013.jpg)\">\n\t\t\t\t\t\t\t\t\t\t\t<img decoding=\"async\" src=\"https:\/\/camping-leragis.com\/wp-content\/uploads\/2023\/11\/IMG_0013.jpg\" alt=\"emplacement camping le Ragis\" loading=\"lazy\">\n\t\t\t\t\t\t\t\t\t\t<\/a>\n\t\t\t\t\t\t\t\t\t<\/div>\n\n\t\t\t\t\n\t\t\t\t\t\t\t\t\t\t\t\n\t\t\t\t\n\t\t\t\t<div class=\"sev-diaporama-portfolio-item col-12 col-sm  col-shrink\">\n\n\t\t\t\t\t\t\t\t\t\t<a href=\"https:\/\/camping-leragis.com\/wp-content\/uploads\/2025\/12\/sanitaire-milieu.jpg\" data-lightbox=\"sevgallery-3190604564\" style=\"background-image: url(https:\/\/camping-leragis.com\/wp-content\/uploads\/2025\/12\/sanitaire-milieu.jpg)\">\n\t\t\t\t\t\t\t\t\t\t\t<img decoding=\"async\" src=\"https:\/\/camping-leragis.com\/wp-content\/uploads\/2025\/12\/sanitaire-milieu.jpg\" alt=\"\" loading=\"lazy\">\n\t\t\t\t\t\t\t\t\t\t<\/a>\n\t\t\t\t\t\t\t\t\t<\/div>\n\n\t\t\t\t\n\t\t\t\t\t\t\t\t\t\t\t\n\t\t\t\t\n\t\t\t\t<div class=\"sev-diaporama-portfolio-item col-12 col-sm  col-grow\">\n\n\t\t\t\t\t\t\t\t\t\t<a href=\"https:\/\/camping-leragis.com\/wp-content\/uploads\/2025\/12\/sanitaire-milieu-3.jpg\" data-lightbox=\"sevgallery-3190604564\" style=\"background-image: url(https:\/\/camping-leragis.com\/wp-content\/uploads\/2025\/12\/sanitaire-milieu-3.jpg)\">\n\t\t\t\t\t\t\t\t\t\t\t<img decoding=\"async\" src=\"https:\/\/camping-leragis.com\/wp-content\/uploads\/2025\/12\/sanitaire-milieu-3.jpg\" alt=\"\" loading=\"lazy\">\n\t\t\t\t\t\t\t\t\t\t<\/a>\n\t\t\t\t\t\t\t\t\t<\/div>\n\n\t\t\t\t\t\t\t\t\t<div class=\"w-100\"><\/div>\n\t\t\t\t\t\t\t\t\t\n\t\t\t\t\t\t\t\t\t\t\t\n\t\t\t\t\n\t\t\t\t<div class=\"sev-diaporama-portfolio-item col-12 col-sm \">\n\n\t\t\t\t\t\t\t\t\t\t<a href=\"https:\/\/camping-leragis.com\/wp-content\/uploads\/2023\/11\/bloc-sanitaire-orange_out.jpg\" data-lightbox=\"sevgallery-3190604564\" style=\"background-image: url(https:\/\/camping-leragis.com\/wp-content\/uploads\/2023\/11\/bloc-sanitaire-orange_out.jpg)\">\n\t\t\t\t\t\t\t\t\t\t\t<img decoding=\"async\" src=\"https:\/\/camping-leragis.com\/wp-content\/uploads\/2023\/11\/bloc-sanitaire-orange_out.jpg\" alt=\"sanitaires pour emplacement camping le Ragis\" loading=\"lazy\">\n\t\t\t\t\t\t\t\t\t\t<\/a>\n\t\t\t\t\t\t\t\t\t<\/div>\n\n\t\t\t\t\n\t\t\t\t\t\t\t\t\t\t\t\n\t\t\t\t\n\t\t\t\t<div class=\"sev-diaporama-portfolio-item col-12 col-sm  col-shrink\">\n\n\t\t\t\t\t\t\t\t\t\t<a href=\"https:\/\/camping-leragis.com\/wp-content\/uploads\/2025\/12\/IMG_6651.jpg\" data-lightbox=\"sevgallery-3190604564\" style=\"background-image: url(https:\/\/camping-leragis.com\/wp-content\/uploads\/2025\/12\/IMG_6651.jpg)\">\n\t\t\t\t\t\t\t\t\t\t\t<img decoding=\"async\" src=\"https:\/\/camping-leragis.com\/wp-content\/uploads\/2025\/12\/IMG_6651.jpg\" alt=\"\" loading=\"lazy\">\n\t\t\t\t\t\t\t\t\t\t<\/a>\n\t\t\t\t\t\t\t\t\t<\/div>\n\n\t\t\t\t\n\t\t\t\t\t\t\t\t\t\t\t\n\t\t\t\t\n\t\t\t\t<div class=\"sev-diaporama-portfolio-item col-12 col-sm  col-shrink\">\n\n\t\t\t\t\t\t\t\t\t\t<a href=\"https:\/\/camping-leragis.com\/wp-content\/uploads\/2023\/11\/IMG_0011.jpg\" data-lightbox=\"sevgallery-3190604564\" style=\"background-image: url(https:\/\/camping-leragis.com\/wp-content\/uploads\/2023\/11\/IMG_0011.jpg)\">\n\t\t\t\t\t\t\t\t\t\t\t<img decoding=\"async\" src=\"https:\/\/camping-leragis.com\/wp-content\/uploads\/2023\/11\/IMG_0011.jpg\" alt=\"emplacement camping le Ragis\" loading=\"lazy\">\n\t\t\t\t\t\t\t\t\t\t<\/a>\n\t\t\t\t\t\t\t\t\t<\/div>\n\n\t\t\t\t\n\t\t\t\t\t\t\t\t\t\t\t\n\t\t\t\t\n\t\t\t\t<div class=\"sev-diaporama-portfolio-item col-12 col-sm  col-shrink\">\n\n\t\t\t\t\t\t\t\t\t\t<a href=\"https:\/\/camping-leragis.com\/wp-content\/uploads\/2025\/12\/confort-3-1.jpg\" data-lightbox=\"sevgallery-3190604564\" style=\"background-image: url(https:\/\/camping-leragis.com\/wp-content\/uploads\/2025\/12\/confort-3-1.jpg)\">\n\t\t\t\t\t\t\t\t\t\t\t<img decoding=\"async\" src=\"https:\/\/camping-leragis.com\/wp-content\/uploads\/2025\/12\/confort-3-1.jpg\" alt=\"\" loading=\"lazy\">\n\t\t\t\t\t\t\t\t\t\t<\/a>\n\t\t\t\t\t\t\t\t\t<\/div>\n\n\t\t\t\t\t\t\t\t\t<div class=\"w-100\"><\/div>\n\t\t\t\t\t\t\t\t\t\n\t\t\t\t\t\t\t\t\t\t\t\n\t\t\t\t\n\t\t\t\t<div class=\"sev-diaporama-portfolio-item col-12 col-sm  col-grow\">\n\n\t\t\t\t\t\t\t\t\t\t<a href=\"https:\/\/camping-leragis.com\/wp-content\/uploads\/2025\/12\/confort-2.jpg\" data-lightbox=\"sevgallery-3190604564\" style=\"background-image: url(https:\/\/camping-leragis.com\/wp-content\/uploads\/2025\/12\/confort-2.jpg)\">\n\t\t\t\t\t\t\t\t\t\t\t<img decoding=\"async\" src=\"https:\/\/camping-leragis.com\/wp-content\/uploads\/2025\/12\/confort-2.jpg\" alt=\"\" loading=\"lazy\">\n\t\t\t\t\t\t\t\t\t\t<\/a>\n\t\t\t\t\t\t\t\t\t<\/div>\n\n\t\t\t\t\n\t\t\t\t\t\t\t\t\t\t\t\t\t\t<\/div>\n\t\t\t<\/div>\n\n\t\t\t<script>\n\t\t\tjQuery(function($) {\n\n\t\t\t\tvar marginPortfolio = function() {\n\n\t\t\t\t\tvar $diapo          = $('#sevgallery-3190604564');\n\t\t\t\t\tvar container_width = $diapo.parent().outerWidth();\n\t\t\t\t\tvar side            = ( $(window).innerWidth() - container_width ) \/ 2;\n\n\t\t\t\t\t$diapo.css( {\n\t\t\t\t\t\t'margin-left': '-' + side + 'px',\n\t\t\t\t\t\t'margin-right': '-' + side + 'px',\n\t\t\t\t\t} );\n\t\t\t\t};\n\n\t\t\t\t$( window ).resize( function() {\n\t\t\t\t\tmarginPortfolio();\n\t\t\t\t} );\n\t\t\t\tmarginPortfolio();\n\t\t\t});\n\t\t\t<\/script>\n\t\t\t<\/div>","protected":false},"excerpt":{"rendered":"<p>Zet je caravan, tent of camper neer op een rustige camping in de Vend\u00e9e. Onze comfortabele staanplaatsen voor tenten, caravans of campers! Als je de trotse eigenaar bent van een camper, caravan of tent, breng je je vakantie waarschijnlijk door op een traditionele camping. Op Camping Le Ragis kun je genieten van een vakantie in [&hellip;]<\/p>\n","protected":false},"author":2,"featured_media":0,"parent":0,"menu_order":0,"comment_status":"closed","ping_status":"closed","template":"","meta":{"_seopress_robots_primary_cat":"","_seopress_titles_title":"Huur een staanplaats voor je zomervakantie","_seopress_titles_desc":"Breng uw vakantie door op camping Le Ragis in de Vend\u00e9e en huur een staanplaats voor uw tent, caravan of camper...","_seopress_robots_index":"","footnotes":""},"class_list":["post-10061","page","type-page","status-publish","hentry"],"_links":{"self":[{"href":"https:\/\/camping-leragis.com\/nl\/wp-json\/wp\/v2\/pages\/10061","targetHints":{"allow":["GET"]}}],"collection":[{"href":"https:\/\/camping-leragis.com\/nl\/wp-json\/wp\/v2\/pages"}],"about":[{"href":"https:\/\/camping-leragis.com\/nl\/wp-json\/wp\/v2\/types\/page"}],"author":[{"embeddable":true,"href":"https:\/\/camping-leragis.com\/nl\/wp-json\/wp\/v2\/users\/2"}],"replies":[{"embeddable":true,"href":"https:\/\/camping-leragis.com\/nl\/wp-json\/wp\/v2\/comments?post=10061"}],"version-history":[{"count":3,"href":"https:\/\/camping-leragis.com\/nl\/wp-json\/wp\/v2\/pages\/10061\/revisions"}],"predecessor-version":[{"id":10275,"href":"https:\/\/camping-leragis.com\/nl\/wp-json\/wp\/v2\/pages\/10061\/revisions\/10275"}],"wp:attachment":[{"href":"https:\/\/camping-leragis.com\/nl\/wp-json\/wp\/v2\/media?parent=10061"}],"curies":[{"name":"wp","href":"https:\/\/api.w.org\/{rel}","templated":true}]}}