{"id":10043,"date":"2023-11-13T16:37:42","date_gmt":"2023-11-13T15:37:42","guid":{"rendered":"https:\/\/camping-leragis.com\/word-eigenaar\/"},"modified":"2024-02-27T17:28:49","modified_gmt":"2024-02-27T16:28:49","slug":"word-eigenaar","status":"publish","type":"page","link":"https:\/\/camping-leragis.com\/nl\/word-eigenaar\/","title":{"rendered":"Word eigenaar"},"content":{"rendered":"\n<h2 class=\"wp-block-heading\">Nieuwe en tweedehands stacaravans te koop in de Vend\u00e9e op campings<\/h2>\n\n\n\n<h3 class=\"wp-block-heading\"><strong>Koop een stacaravan of chalet<\/strong> op onze camping in de Vend\u00e9e.<\/h3>\n\n\n\n<p>Als je op zoek bent naar een <a href=\"https:\/\/www.camping-leragis.com\/editorial\/camping-vendee-pas-cher\/\">goedkope stacaravan in de Vend\u00e9e<\/a>, hebben we nieuwe en gebruikte stacaravans met 2 en 3 slaapkamers te koop tegen de beste prijzen op de markt.<\/p>\n\n\n\n<p>Een ruime keuze aan recente, goed onderhouden accommodaties. Hier vindt u een kleine greep uit onze nieuwe en gebruikte <a href=\"https:\/\/camping-leragis.com\/nl\/accommodatie\/\" data-type=\"page\" data-id=\"8046\">stacaravans<\/a> op een camping in het hart van de Vend\u00e9e, op 15 km van de <a href=\"https:\/\/camping-leragis.com\/nl\/zee-en-eilanden\/de-stranden\/\" data-type=\"page\" data-id=\"10030\">stranden<\/a>.  <\/p>\n\n\n\n<p>Aarzel niet om contact met ons op te nemen via <a href=\"https:\/\/camping-leragis.com\/nl\/toegang-contact\/\" data-type=\"page\" data-id=\"8090\">e-mail<\/a> of per telefoon: <strong>02 51 68 08 49<\/strong><\/p>\n\n\n\n<p><strong>Huur kampeerplaats het hele jaar door<\/strong> van <strong>1 april tot 30 oktober<\/strong>: \u20ac2.500 incl. btw.<br>Extra toeslag:<\/p>\n\n\n\n<ul class=\"wp-block-list\">\n<li>EOF-verbruik<\/li>\n\n\n\n<li>toeristenbelasting<\/li>\n\n\n\n<li>andere diensten die door de camping worden aangeboden of door een professional moeten worden uitgevoerd (water en winterklaar maken, onderhoud van de boiler, controle van de brandblusser).<\/li>\n<\/ul>\n\n\n\n<div style=\"height:27px\" aria-hidden=\"true\" class=\"wp-block-spacer\"><\/div>\n\n\n\n<div class=\"wp-block-group alignfull has-background is-layout-constrained wp-block-group-is-layout-constrained\" style=\"background-color:#faa62f26\">\n<div class=\"wp-block-columns alignfull are-vertically-aligned-center is-layout-flex wp-container-core-columns-is-layout-28f84493 wp-block-columns-is-layout-flex\">\n<div class=\"wp-block-column is-vertically-aligned-center is-layout-flow wp-block-column-is-layout-flow\">\n<div class=\"wp-block-cover is-light img-frame\" style=\"margin-top:var(--wp--preset--spacing--50);margin-bottom:var(--wp--preset--spacing--50)\"><span aria-hidden=\"true\" class=\"wp-block-cover__background has-background-dim-0 has-background-dim\"><\/span><img loading=\"lazy\" decoding=\"async\" width=\"300\" height=\"225\" class=\"wp-block-cover__image-background wp-image-8514\" alt=\"mobil home \u00e0 vendre\" src=\"https:\/\/camping-leragis.com\/wp-content\/uploads\/2023\/11\/DSCN1905-300x225-1.jpg\" data-object-fit=\"cover\"\/><div class=\"wp-block-cover__inner-container is-layout-constrained wp-block-cover-is-layout-constrained\">\n<figure class=\"wp-block-image size-full\"><img loading=\"lazy\" decoding=\"async\" width=\"550\" height=\"550\" src=\"https:\/\/camping-leragis.com\/wp-content\/uploads\/2024\/01\/frame.png\" alt=\"\" class=\"wp-image-9371\" srcset=\"https:\/\/camping-leragis.com\/wp-content\/uploads\/2024\/01\/frame.png 550w, https:\/\/camping-leragis.com\/wp-content\/uploads\/2024\/01\/frame-300x300.png 300w, https:\/\/camping-leragis.com\/wp-content\/uploads\/2024\/01\/frame-150x150.png 150w\" sizes=\"auto, (max-width: 550px) 100vw, 550px\" \/><\/figure>\n<\/div><\/div>\n<\/div>\n\n\n\n<div class=\"wp-block-column is-vertically-aligned-center is-layout-flow wp-block-column-is-layout-flow\">\n<h3 class=\"wp-block-heading\" id=\"vente-mobil-home-d-occasion-rideaurev-3-chambres-6-couchages\">Verkoop Tweedehands stacaravan Rideaurev 3 slaapkamers, 6 personen<\/h3>\n\n\n\n<p>Jaar: 2012<\/p>\n\n\n\n<p>36 m\u00b2 accommodatie op een kampeerplaats van 200 m\u00b2<\/p>\n\n\n\n<p><strong>  Prijs: \u20ac 21.000<\/strong><\/p>\n\n\n\n<p class=\"has-text-align-center\"><strong>Een ruime keuze aan nieuwe stacaravans  <\/strong><br><strong>met onze partners :<\/strong><\/p>\n\n\n\n<div class=\"wp-block-columns is-layout-flex wp-container-core-columns-is-layout-28f84493 wp-block-columns-is-layout-flex\">\n<div class=\"wp-block-column is-layout-flow wp-block-column-is-layout-flow\">\n<div class=\"wp-block-buttons is-layout-flex wp-block-buttons-is-layout-flex\">\n<div class=\"wp-block-button is-style-outline is-style-outline--1\"><a class=\"wp-block-button__link wp-element-button\" href=\"https:\/\/www.mobilhome-ohara.com\/fr\/\" style=\"border-radius:0px\" target=\"_blank\" rel=\"noreferrer noopener\">Stacaravan<br>O&#8217;Hara<\/a><\/div>\n<\/div>\n<\/div>\n\n\n\n<div class=\"wp-block-column is-layout-flow wp-block-column-is-layout-flow\">\n<div class=\"wp-block-buttons is-layout-flex wp-block-buttons-is-layout-flex\">\n<div class=\"wp-block-button is-style-outline is-style-outline--2\"><a class=\"wp-block-button__link wp-element-button\" href=\"https:\/\/www.mobil-home.com\/fr\/particulier\/\" style=\"border-radius:0px\" target=\"_blank\" rel=\"noreferrer noopener\">Stacaravan<br>MRI<\/a><\/div>\n<\/div>\n<\/div>\n\n\n\n<div class=\"wp-block-column is-layout-flow wp-block-column-is-layout-flow\">\n<div class=\"wp-block-buttons is-layout-flex wp-block-buttons-is-layout-flex\">\n<div class=\"wp-block-button is-style-outline is-style-outline--3\"><a class=\"wp-block-button__link wp-element-button\" href=\"https:\/\/www.mobilhome-rideau.com\/?gclid=CjwKCAiAl4WABhAJEiwATUnEFz8Z17icUbo_6kU8oFlCslIvVPSuAsAWnBtgkbAYe_ICpxXPuEGb4hoCTaMQAvD_BwE\" style=\"border-radius:0px\" target=\"_blank\" rel=\"noreferrer noopener\">Stacaravan<br>Gordijn<\/a><\/div>\n<\/div>\n<\/div>\n<\/div>\n<\/div>\n<\/div>\n<\/div>\n\n\n<div class=\"wp-block-sev-diaporama alignfull\">\t\t\t<div id=\"sevgallery-1352328363\" class=\"sev-diaporama sev-diaporama-portfolio\">\n\t\t\t<div class=\"row\">\n\n\t\t\t\n\t\t\t\t\n\t\t\t\t<div class=\"sev-diaporama-portfolio-item col-12 col-sm  col-grow\">\n\n\t\t\t\t\t\t\t\t\t\t<a href=\"https:\/\/camping-leragis.com\/wp-content\/uploads\/2023\/11\/Terasse.jpg\" data-lightbox=\"sevgallery-1352328363\" style=\"background-image: url(https:\/\/camping-leragis.com\/wp-content\/uploads\/2023\/11\/Terasse.jpg)\">\n\t\t\t\t\t\t\t\t\t\t\t<img decoding=\"async\" src=\"https:\/\/camping-leragis.com\/wp-content\/uploads\/2023\/11\/Terasse.jpg\" alt=\"\" loading=\"lazy\">\n\t\t\t\t\t\t\t\t\t\t<\/a>\n\t\t\t\t\t\t\t\t\t<\/div>\n\n\t\t\t\t\n\t\t\t\t\t\t\t\t\t\t\t\n\t\t\t\t\n\t\t\t\t<div class=\"sev-diaporama-portfolio-item col-12 col-sm  col-shrink\">\n\n\t\t\t\t\t\t\t\t\t\t<a href=\"https:\/\/camping-leragis.com\/wp-content\/uploads\/2023\/11\/IMG_20200411_174323_resized_20200414_090400830-1920x1080-1.jpg\" data-lightbox=\"sevgallery-1352328363\" style=\"background-image: url(https:\/\/camping-leragis.com\/wp-content\/uploads\/2023\/11\/IMG_20200411_174323_resized_20200414_090400830-1920x1080-1.jpg)\">\n\t\t\t\t\t\t\t\t\t\t\t<img decoding=\"async\" src=\"https:\/\/camping-leragis.com\/wp-content\/uploads\/2023\/11\/IMG_20200411_174323_resized_20200414_090400830-1920x1080-1.jpg\" alt=\"mobil home verdoyant\" loading=\"lazy\">\n\t\t\t\t\t\t\t\t\t\t<\/a>\n\t\t\t\t\t\t\t\t\t<\/div>\n\n\t\t\t\t\n\t\t\t\t\t\t\t\t\t\t\t\n\t\t\t\t\n\t\t\t\t<div class=\"sev-diaporama-portfolio-item col-12 col-sm \">\n\n\t\t\t\t\t\t\t\t\t\t<a href=\"https:\/\/camping-leragis.com\/wp-content\/uploads\/2023\/11\/cottage-pmr-1.jpg\" data-lightbox=\"sevgallery-1352328363\" style=\"background-image: url(https:\/\/camping-leragis.com\/wp-content\/uploads\/2023\/11\/cottage-pmr-1.jpg)\">\n\t\t\t\t\t\t\t\t\t\t\t<img decoding=\"async\" src=\"https:\/\/camping-leragis.com\/wp-content\/uploads\/2023\/11\/cottage-pmr-1.jpg\" alt=\"mobil home pmr\" loading=\"lazy\">\n\t\t\t\t\t\t\t\t\t\t<\/a>\n\t\t\t\t\t\t\t\t\t<\/div>\n\n\t\t\t\t\n\t\t\t\t\t\t\t\t\t\t\t\n\t\t\t\t\n\t\t\t\t<div class=\"sev-diaporama-portfolio-item col-12 col-sm  col-shrink\">\n\n\t\t\t\t\t\t\t\t\t\t<a href=\"https:\/\/camping-leragis.com\/wp-content\/uploads\/2023\/11\/316249848_3003643133276350_368588403068662347_n.jpg\" data-lightbox=\"sevgallery-1352328363\" style=\"background-image: url(https:\/\/camping-leragis.com\/wp-content\/uploads\/2023\/11\/316249848_3003643133276350_368588403068662347_n.jpg)\">\n\t\t\t\t\t\t\t\t\t\t\t<img decoding=\"async\" src=\"https:\/\/camping-leragis.com\/wp-content\/uploads\/2023\/11\/316249848_3003643133276350_368588403068662347_n.jpg\" alt=\"\" loading=\"lazy\">\n\t\t\t\t\t\t\t\t\t\t<\/a>\n\t\t\t\t\t\t\t\t\t<\/div>\n\n\t\t\t\t\t\t\t\t\t<div class=\"w-100\"><\/div>\n\t\t\t\t\t\t\t\t\t\n\t\t\t\t\t\t\t\t\t\t\t\n\t\t\t\t\n\t\t\t\t<div class=\"sev-diaporama-portfolio-item col-12 col-sm \">\n\n\t\t\t\t\t\t\t\t\t\t<a href=\"https:\/\/camping-leragis.com\/wp-content\/uploads\/2023\/11\/cottage-1-ch-1.jpg\" data-lightbox=\"sevgallery-1352328363\" style=\"background-image: url(https:\/\/camping-leragis.com\/wp-content\/uploads\/2023\/11\/cottage-1-ch-1.jpg)\">\n\t\t\t\t\t\t\t\t\t\t\t<img decoding=\"async\" src=\"https:\/\/camping-leragis.com\/wp-content\/uploads\/2023\/11\/cottage-1-ch-1.jpg\" alt=\"mobil home 4 chambres\" loading=\"lazy\">\n\t\t\t\t\t\t\t\t\t\t<\/a>\n\t\t\t\t\t\t\t\t\t<\/div>\n\n\t\t\t\t\n\t\t\t\t\t\t\t\t\t\t\t\n\t\t\t\t\n\t\t\t\t<div class=\"sev-diaporama-portfolio-item col-12 col-sm  col-shrink\">\n\n\t\t\t\t\t\t\t\t\t\t<a href=\"https:\/\/camping-leragis.com\/wp-content\/uploads\/2023\/11\/IMG_20200411_183956_resized_20200414_090238138-e1587023667262.jpg\" data-lightbox=\"sevgallery-1352328363\" style=\"background-image: url(https:\/\/camping-leragis.com\/wp-content\/uploads\/2023\/11\/IMG_20200411_183956_resized_20200414_090238138-e1587023667262.jpg)\">\n\t\t\t\t\t\t\t\t\t\t\t<img decoding=\"async\" src=\"https:\/\/camping-leragis.com\/wp-content\/uploads\/2023\/11\/IMG_20200411_183956_resized_20200414_090238138-e1587023667262.jpg\" alt=\"mobil home 4 chambres\" loading=\"lazy\">\n\t\t\t\t\t\t\t\t\t\t<\/a>\n\t\t\t\t\t\t\t\t\t<\/div>\n\n\t\t\t\t\n\t\t\t\t\t\t\t\t\t\t\t\n\t\t\t\t\n\t\t\t\t<div class=\"sev-diaporama-portfolio-item col-12 col-sm  col-grow\">\n\n\t\t\t\t\t\t\t\t\t\t<a href=\"https:\/\/camping-leragis.com\/wp-content\/uploads\/2023\/11\/mh.jpg\" data-lightbox=\"sevgallery-1352328363\" style=\"background-image: url(https:\/\/camping-leragis.com\/wp-content\/uploads\/2023\/11\/mh.jpg)\">\n\t\t\t\t\t\t\t\t\t\t\t<img decoding=\"async\" src=\"https:\/\/camping-leragis.com\/wp-content\/uploads\/2023\/11\/mh.jpg\" alt=\"mobil home de qualit\u00e9 en Vend\u00e9e\" loading=\"lazy\">\n\t\t\t\t\t\t\t\t\t\t<\/a>\n\t\t\t\t\t\t\t\t\t<\/div>\n\n\t\t\t\t\n\t\t\t\t\t\t\t\t\t\t\t\t\t\t<\/div>\n\t\t\t<\/div>\n\n\t\t\t<script>\n\t\t\tjQuery(function($) {\n\n\t\t\t\tvar marginPortfolio = function() {\n\n\t\t\t\t\tvar $diapo          = $('#sevgallery-1352328363');\n\t\t\t\t\tvar container_width = $diapo.parent().outerWidth();\n\t\t\t\t\tvar side            = ( $(window).innerWidth() - container_width ) \/ 2;\n\n\t\t\t\t\t$diapo.css( {\n\t\t\t\t\t\t'margin-left': '-' + side + 'px',\n\t\t\t\t\t\t'margin-right': '-' + side + 'px',\n\t\t\t\t\t} );\n\t\t\t\t};\n\n\t\t\t\t$( window ).resize( function() {\n\t\t\t\t\tmarginPortfolio();\n\t\t\t\t} );\n\t\t\t\tmarginPortfolio();\n\t\t\t});\n\t\t\t<\/script>\n\t\t\t<\/div>","protected":false},"excerpt":{"rendered":"<p>Nieuwe en tweedehands stacaravans te koop in de Vend\u00e9e op campings Koop een stacaravan of chalet op onze camping in de Vend\u00e9e. Als je op zoek bent naar een goedkope stacaravan in de Vend\u00e9e, hebben we nieuwe en gebruikte stacaravans met 2 en 3 slaapkamers te koop tegen de beste prijzen op de markt. Een [&hellip;]<\/p>\n","protected":false},"author":2,"featured_media":0,"parent":0,"menu_order":0,"comment_status":"closed","ping_status":"closed","template":"","meta":{"_seopress_robots_primary_cat":"","_seopress_titles_title":"Wil je graag een stacaravan bezitten?  ","_seopress_titles_desc":"Neem contact op met onze camping Le Ragis in Challans voor meer informatie. We hebben percelen beschikbaar voor toekomstige eigenaars van stacaravans.","_seopress_robots_index":"","footnotes":""},"class_list":["post-10043","page","type-page","status-publish","hentry"],"_links":{"self":[{"href":"https:\/\/camping-leragis.com\/nl\/wp-json\/wp\/v2\/pages\/10043","targetHints":{"allow":["GET"]}}],"collection":[{"href":"https:\/\/camping-leragis.com\/nl\/wp-json\/wp\/v2\/pages"}],"about":[{"href":"https:\/\/camping-leragis.com\/nl\/wp-json\/wp\/v2\/types\/page"}],"author":[{"embeddable":true,"href":"https:\/\/camping-leragis.com\/nl\/wp-json\/wp\/v2\/users\/2"}],"replies":[{"embeddable":true,"href":"https:\/\/camping-leragis.com\/nl\/wp-json\/wp\/v2\/comments?post=10043"}],"version-history":[{"count":4,"href":"https:\/\/camping-leragis.com\/nl\/wp-json\/wp\/v2\/pages\/10043\/revisions"}],"predecessor-version":[{"id":10274,"href":"https:\/\/camping-leragis.com\/nl\/wp-json\/wp\/v2\/pages\/10043\/revisions\/10274"}],"wp:attachment":[{"href":"https:\/\/camping-leragis.com\/nl\/wp-json\/wp\/v2\/media?parent=10043"}],"curies":[{"name":"wp","href":"https:\/\/api.w.org\/{rel}","templated":true}]}}