{"id":10013,"date":"2023-11-13T16:52:05","date_gmt":"2023-11-13T15:52:05","guid":{"rendered":"https:\/\/camping-leragis.com\/cultuur-en-erfgoed\/onze-dorpen\/"},"modified":"2024-02-27T17:32:58","modified_gmt":"2024-02-27T16:32:58","slug":"onze-dorpen","status":"publish","type":"page","link":"https:\/\/camping-leragis.com\/nl\/cultuur-en-erfgoed\/onze-dorpen\/","title":{"rendered":"Onze dorpen"},"content":{"rendered":"\n<h2 class=\"wp-block-heading\">Dit zijn de belangrijkste toeristische trekpleisters in de Vend\u00e9e.<\/h2>\n\n\n\n<p>Bezoek tijdens uw verblijf in de <a href=\"https:\/\/camping-leragis.com\/nl\/ontdek-de-vendee\/\" data-type=\"page\" data-id=\"10039\">Vend\u00e9e<\/a> de dorpen en ongewone plaatsen die de landschappen van de moerassen, de bocage en de eilanden hebben gevormd, uniek om hun schoonheid. We hebben de beste plaatsen in de noordelijke Vend\u00e9e in de buurt van de camping geselecteerd.<\/p>\n\n\n\n<p><em>Tip van camping Le Ragis: gebruik de Cultuurpas om te profiteren van kortingen op uw bezoeken.<\/em><\/p>\n\n\n\n<div class=\"wp-block-media-text alignfull is-stacked-on-mobile is-image-fill\" style=\"padding-top:var(--wp--preset--spacing--30);padding-bottom:var(--wp--preset--spacing--30)\"><figure class=\"wp-block-media-text__media\" style=\"background-image:url(https:\/\/camping-leragis.com\/wp-content\/uploads\/2023\/11\/villages-1024x267.jpg);background-position:50% 50%\"><img loading=\"lazy\" decoding=\"async\" width=\"1024\" height=\"267\" src=\"https:\/\/camping-leragis.com\/wp-content\/uploads\/2023\/11\/villages-1024x267.jpg\" alt=\"sallertaine en vend\u00e9e\" class=\"wp-image-8658 size-full\" srcset=\"https:\/\/camping-leragis.com\/wp-content\/uploads\/2023\/11\/villages-1024x267.jpg 1024w, https:\/\/camping-leragis.com\/wp-content\/uploads\/2023\/11\/villages-300x78.jpg 300w, https:\/\/camping-leragis.com\/wp-content\/uploads\/2023\/11\/villages-768x200.jpg 768w, https:\/\/camping-leragis.com\/wp-content\/uploads\/2023\/11\/villages-1536x400.jpg 1536w, https:\/\/camping-leragis.com\/wp-content\/uploads\/2023\/11\/villages.jpg 1920w\" sizes=\"auto, (max-width: 1024px) 100vw, 1024px\" \/><\/figure><div class=\"wp-block-media-text__content\">\n<h3 class=\"wp-block-heading\">Sallertaine, Stad en Kunsthandel<\/h3>\n\n\n\n<p class=\"has-text-align-center\"><strong>De molen van Rair\u00e9  <\/strong><\/p>\n\n\n\n<p>Bezoek een traditionele bezienswaardigheid in de Vend\u00e9e: een authentieke werkende molen, de enige molen in Frankrijk die nooit heeft stilgestaan, waar meel wordt geproduceerd volgens de aloude traditie.<\/p>\n\n\n\n<p>Bezoek de <a href=\"http:\/\/www.moulin-a-vent-de-raire.com\/pages\/bienvenue_sur_le_site_du_moulin_de_rairepag.html\" target=\"_blank\" rel=\"noreferrer noopener\">werkende molen<\/a>. Je kunt met name verschillende soorten 100% natuurlijk biologisch meel kopen.<\/p>\n\n\n\n<p class=\"has-text-align-center\"><strong>Bourrine \u00e0 Rosalie<\/strong><\/p>\n\n\n\n<p>Bezoek het traditionele tuindershuis<br>Kano\u00ebn in de moerassen<br>Het toeristische circuit.<br>Onze dorpen met een rijke geschiedenis<\/p>\n<\/div><\/div>\n\n\n\n<div class=\"wp-block-media-text alignfull has-media-on-the-right is-stacked-on-mobile is-image-fill has-background\" style=\"background-color:#f2a93330;padding-top:var(--wp--preset--spacing--30);padding-bottom:var(--wp--preset--spacing--30)\"><div class=\"wp-block-media-text__content\">\n<h3 class=\"wp-block-heading\"><strong>Sallertaine, kanotocht door de moerassen: <a href=\"http:\/\/www.laroutedusel.com\/\" target=\"_blank\" rel=\"noreferrer noopener\">de zoutroute<\/a>.<\/strong><\/h3>\n\n\n\n<p>Een verandering van omgeving gegarandeerd!<br>Je kunt een kanotocht door de moerassen maken met of zonder gids: volg gewoon het roadbook!<br>Er worden verschillende thema&#8217;s aangeboden.<\/p>\n<\/div><figure class=\"wp-block-media-text__media\" style=\"background-image:url(https:\/\/camping-leragis.com\/wp-content\/uploads\/2023\/11\/bourrinearosalie.jpg);background-position:50% 50%\"><img loading=\"lazy\" decoding=\"async\" width=\"600\" height=\"400\" src=\"https:\/\/camping-leragis.com\/wp-content\/uploads\/2023\/11\/bourrinearosalie.jpg\" alt=\"bourrine rosalie in Vend\u00e9e\" class=\"wp-image-8419 size-full\" srcset=\"https:\/\/camping-leragis.com\/wp-content\/uploads\/2023\/11\/bourrinearosalie.jpg 600w, https:\/\/camping-leragis.com\/wp-content\/uploads\/2023\/11\/bourrinearosalie-300x200.jpg 300w\" sizes=\"auto, (max-width: 600px) 100vw, 600px\" \/><\/figure><\/div>\n\n\n\n<div class=\"wp-block-group alignfull has-white-background-color has-background is-layout-constrained wp-container-core-group-is-layout-0c29dfba wp-block-group-is-layout-constrained\" style=\"padding-top:var(--wp--preset--spacing--50);padding-right:5%;padding-bottom:var(--wp--preset--spacing--50);padding-left:5%\">\n<p><strong>  Favoriet van <a href=\"https:\/\/www.camping-leragis.com\/\">Ragis<\/a><em>: de Nachtwandeling<\/em><\/strong><\/p>\n\n\n\n<p>Een magische avond in het hart van de moerasgebieden van de Vend\u00e9e!<br>Deze wandeling vindt plaats in Ch\u00e2teauneuf en Bois de Cen\u00e9 in een moeras dat typisch is voor de oude kwelders, waar de fauna en flora overvloedig en divers zijn&#8230;<br>De navigatie wordt begeleid door gepassioneerde gidsen, een tussenstop bij de abdij van Ile Chauvet (XII eeuw), je woont de zonsondergang bij gevolgd door een diner bij kaarslicht.<br>Ter plaatse is er geen ander licht dan natuurlijk licht.<br>De terugreis vindt plaats onder een sterrenhemel&#8230;<br>Een onvergetelijk moment!<\/p>\n<\/div>\n\n\n\n<div class=\"wp-block-columns alignfull are-vertically-aligned-center has-background is-layout-flex wp-container-core-columns-is-layout-ef350914 wp-block-columns-is-layout-flex\" style=\"background-color:#f2a93330;padding-top:var(--wp--preset--spacing--30);padding-bottom:var(--wp--preset--spacing--30)\">\n<div class=\"wp-block-column is-vertically-aligned-center is-layout-flow wp-block-column-is-layout-flow\">\n<figure class=\"wp-block-image size-full is-resized\"><img loading=\"lazy\" decoding=\"async\" width=\"280\" height=\"210\" src=\"https:\/\/camping-leragis.com\/wp-content\/uploads\/2023\/11\/Abbaye_de_lIle-Chauvet_01.jpg\" alt=\"\" class=\"wp-image-8420\" style=\"width:445px;height:auto\"\/><\/figure>\n<\/div>\n\n\n\n<div class=\"wp-block-column is-vertically-aligned-center is-layout-flow wp-block-column-is-layout-flow\">\n<h3 class=\"wp-block-heading\">Bois de Cen\u00e9 &#8211; Abdij van Ile Chauvet: de ongewone Vend\u00e9e!<\/h3>\n\n\n\n<p><a href=\"http:\/\/www.baladesetpatrimoine.com\/\" target=\"_blank\" rel=\"noreferrer noopener\">Een 12e-eeuwse benedictijnenabdij<\/a> op een eiland midden in het moeras &#8230;<br>De Romaanse kerk met zijn uitzonderlijke portaal komt uit op de binnenplaats met zijn originele waterput.<br>De kloostergebouwen en de abdijkerk werden zwaar beschadigd tijdens de Honderdjarige Oorlog en de Godsdienstoorlogen in de 16e eeuw.<br>In 1680 werd de abdij gerestaureerd door de Camaldolezen, die bleven tot 1779.<br>Je ontdekt de overblijfselen van de slaapzaal van de benedictijner monniken, de keuken met broodoven en de kelder.<\/p>\n<\/div>\n<\/div>\n\n\n\n<div class=\"wp-block-group alignfull has-background is-layout-constrained wp-block-group-is-layout-constrained\" style=\"background-color:#f2a93300;padding-top:var(--wp--preset--spacing--50);padding-bottom:var(--wp--preset--spacing--50)\">\n<div class=\"wp-block-columns are-vertically-aligned-center is-layout-flex wp-container-core-columns-is-layout-ef350914 wp-block-columns-is-layout-flex\" style=\"padding-top:var(--wp--preset--spacing--30);padding-bottom:var(--wp--preset--spacing--30)\">\n<div class=\"wp-block-column is-vertically-aligned-center is-layout-flow wp-block-column-is-layout-flow\">\n<h3 class=\"wp-block-heading\">Commequiers<\/h3>\n\n\n\n<p class=\"has-text-align-center\"><strong>De velorail: een ongewone rit!<\/strong><\/p>\n\n\n\n<p>Een sportief en cultureel tijdverdrijf voor het hele gezin of vrienden, verken de 10 kilometer lange spoorlijn die Commequiers met Co\u00ebx verbindt.<br>Het concept is eenvoudig: een door pedalen voortgetrokken voertuig, de draisine (een soort waterfiets of rosalie) op een spoorlijn die niet meer in gebruik is&#8230; althans dat hopen we!<br>Je ontdekt het achterland van Saint Gilles Croix de Vie, komt langs het oude treinstation van Saint Maixent sur Vie en steekt de rivier &#8220;La Vie&#8221; over.<br>Leuk voor het hele gezin, maar zorg ervoor dat je van tevoren reserveert, want dit is een van de populairste attracties in de Vend\u00e9e.<\/p>\n<\/div>\n\n\n\n<div class=\"wp-block-column is-vertically-aligned-center is-layout-flow wp-block-column-is-layout-flow\">\n<figure class=\"wp-block-image size-large\"><img loading=\"lazy\" decoding=\"async\" width=\"1200\" height=\"750\" src=\"https:\/\/camping-leragis.com\/wp-content\/uploads\/2023\/11\/velo-rail-commequiers-la-balade-IMG_2280-edited.jpg\" alt=\"\" class=\"wp-image-8806\" srcset=\"https:\/\/camping-leragis.com\/wp-content\/uploads\/2023\/11\/velo-rail-commequiers-la-balade-IMG_2280-edited.jpg 1200w, https:\/\/camping-leragis.com\/wp-content\/uploads\/2023\/11\/velo-rail-commequiers-la-balade-IMG_2280-edited-300x188.jpg 300w, https:\/\/camping-leragis.com\/wp-content\/uploads\/2023\/11\/velo-rail-commequiers-la-balade-IMG_2280-edited-1024x640.jpg 1024w, https:\/\/camping-leragis.com\/wp-content\/uploads\/2023\/11\/velo-rail-commequiers-la-balade-IMG_2280-edited-768x480.jpg 768w\" sizes=\"auto, (max-width: 1200px) 100vw, 1200px\" \/><\/figure>\n<\/div>\n<\/div>\n\n\n\n<div class=\"wp-block-columns alignfull are-vertically-aligned-center has-background is-layout-flex wp-container-core-columns-is-layout-ef350914 wp-block-columns-is-layout-flex\" style=\"background-color:#f2a93330;padding-top:var(--wp--preset--spacing--30);padding-bottom:var(--wp--preset--spacing--30)\">\n<div class=\"wp-block-column is-vertically-aligned-center is-layout-flow wp-block-column-is-layout-flow\">\n<figure class=\"wp-block-image size-full is-resized\"><img loading=\"lazy\" decoding=\"async\" width=\"280\" height=\"210\" src=\"https:\/\/camping-leragis.com\/wp-content\/uploads\/2023\/11\/Vue_generale_du_chateau_de_Commequiers.jpg\" alt=\"\" class=\"wp-image-8422\" style=\"width:509px;height:auto\"\/><\/figure>\n<\/div>\n\n\n\n<div class=\"wp-block-column is-vertically-aligned-center is-layout-flow wp-block-column-is-layout-flow\">\n<p class=\"has-text-align-center\"><strong>Het middeleeuwse kasteel: een duik in de geschiedenis van de Vend\u00e9e!<\/strong><\/p>\n\n\n\n<p>Het is een achthoekig kasteel waarvan de 8 ronde torens, gescheiden door gordijnmuren, bewaard zijn gebleven.<br>Het werd in de 15e en 16e eeuw gebouwd door Louis de Beaumont.<br>Net als de meeste kastelen in Bas Poitou werd het kasteel van Commequiers in 1628 op bevel van kardinaal Richelieu ontmanteld, na de nederlaag van Soubise bij Notre Dame de Riez en Saint Gilles.<br>Je kunt precies zien waar de gaten in de muren zijn gemaakt.<br>Behoorde toe aan La Tr\u00e9moille, een van de grote protestantse heren.<\/p>\n\n\n\n<p><strong><em>Goed plan van Ragis<\/em> <\/strong>:<br>Les m\u00e9di\u00e9vales de Commequiers: beleef een middeleeuws festival in het kasteel.<br>Een prachtige geluids- en lichtshow en entertainment door vrijwilligers in klederdracht uit die tijd.<br>Niet te missen!<br>Op 14 juli ging het kasteel in vlammen op&#8230;<\/p>\n<\/div>\n<\/div>\n<\/div>\n\n\n\n<div class=\"wp-block-columns are-vertically-aligned-center is-layout-flex wp-container-core-columns-is-layout-ef350914 wp-block-columns-is-layout-flex\" style=\"padding-top:var(--wp--preset--spacing--30);padding-bottom:var(--wp--preset--spacing--30)\">\n<div class=\"wp-block-column is-vertically-aligned-center is-layout-flow wp-block-column-is-layout-flow\">\n<h2 class=\"wp-block-heading\">La Barre de Monts  <\/h2>\n\n\n\n<p class=\"has-text-align-center\"><strong>Ecomuseum Daviaud<\/strong><\/p>\n\n\n\n<p>Een natuurvakantie voor het hele gezin:<br>Je gaat terug in de tijd naar een echt werkende boerderij op het grootste openluchtterrein in het westen van Frankrijk.<br>Ontdek hoe de mensen van de moerassen leefden, hun dagelijks leven, hun huizen en hun activiteiten op de boerderij.<br>De dieren en workshops zijn interactief en kindvriendelijk. Ezels, kippen, eenden, schapen en zelfs trekvogels vinden hier een ideaal broedgebied.<br>Maak kennis met de boerderijdieren, waarvan de lokale rassen behouden blijven als onderdeel van het natuurbehoudprogramma.<br>De moerassen van de Vend\u00e9e bieden een uitzonderlijke ecologische rijkdom.<br>Een ideale plek om vogels te kijken voor alle vogel- en natuurliefhebbers.<\/p>\n<\/div>\n\n\n\n<div class=\"wp-block-column is-vertically-aligned-center is-layout-flow wp-block-column-is-layout-flow\">\n<figure class=\"wp-block-image size-full\"><img loading=\"lazy\" decoding=\"async\" width=\"900\" height=\"600\" src=\"https:\/\/camping-leragis.com\/wp-content\/uploads\/2023\/11\/cabanes-de-peche-barre-de-monts-IMG_5837.jpg\" alt=\"\" class=\"wp-image-8423\" srcset=\"https:\/\/camping-leragis.com\/wp-content\/uploads\/2023\/11\/cabanes-de-peche-barre-de-monts-IMG_5837.jpg 900w, https:\/\/camping-leragis.com\/wp-content\/uploads\/2023\/11\/cabanes-de-peche-barre-de-monts-IMG_5837-300x200.jpg 300w, https:\/\/camping-leragis.com\/wp-content\/uploads\/2023\/11\/cabanes-de-peche-barre-de-monts-IMG_5837-768x512.jpg 768w\" sizes=\"auto, (max-width: 900px) 100vw, 900px\" \/><\/figure>\n<\/div>\n<\/div>\n\n\n\n<div class=\"wp-block-group alignfull has-background is-layout-constrained wp-block-group-is-layout-constrained\" style=\"background-color:#f2a93330\">\n<div class=\"wp-block-columns are-vertically-aligned-center has-background is-layout-flex wp-container-core-columns-is-layout-0adb00f3 wp-block-columns-is-layout-flex\" style=\"background-color:#8cd91800;padding-top:var(--wp--preset--spacing--50)\">\n<div class=\"wp-block-column is-vertically-aligned-center is-layout-flow wp-block-column-is-layout-flow\">\n<figure class=\"wp-block-image size-full\"><img loading=\"lazy\" decoding=\"async\" width=\"600\" height=\"400\" src=\"https:\/\/camping-leragis.com\/wp-content\/uploads\/2023\/11\/olfacties1.jpg\" alt=\"\" class=\"wp-image-8424\" srcset=\"https:\/\/camping-leragis.com\/wp-content\/uploads\/2023\/11\/olfacties1.jpg 600w, https:\/\/camping-leragis.com\/wp-content\/uploads\/2023\/11\/olfacties1-300x200.jpg 300w\" sizes=\"auto, (max-width: 600px) 100vw, 600px\" \/><\/figure>\n<\/div>\n\n\n\n<div class=\"wp-block-column is-vertically-aligned-center is-layout-flow wp-block-column-is-layout-flow\">\n<h2 class=\"wp-block-heading\">Co\u00ebx  <\/h2>\n\n\n\n<p class=\"has-text-align-center\"><strong>De Olfacties Floral Park<\/strong><\/p>\n\n\n\n<p>Een natuurlijk spoor van geuren:<\/p>\n\n\n\n<p>Wandel door deze tuin van 5 hectare, aangelegd in 1849, en ontdek alle verschillende planten!<br>Een moestuin en een rozentuin met 3500 soorten die uitsluitend op natuurlijke wijze worden onderhouden.<br>Het bloemenpark heeft het ecolabel gekregen.<\/p>\n\n\n\n<p>Een onverwachte ontdekking!<\/p>\n<\/div>\n<\/div>\n\n\n\n<div style=\"height:2px\" aria-hidden=\"true\" class=\"wp-block-spacer\"><\/div>\n<\/div>\n\n\n\n<div class=\"wp-block-columns are-vertically-aligned-center is-layout-flex wp-container-core-columns-is-layout-ef350914 wp-block-columns-is-layout-flex\" style=\"padding-top:var(--wp--preset--spacing--30);padding-bottom:var(--wp--preset--spacing--30)\">\n<div class=\"wp-block-column is-vertically-aligned-center is-layout-flow wp-block-column-is-layout-flow\">\n<h2 class=\"wp-block-heading\">Apremont<\/h2>\n\n\n\n<p class=\"has-text-align-center\"><strong>Het park en het kasteel  <\/strong><\/p>\n\n\n\n<p>het Vie-dal omcirkelt, werd het gebouwd op een rotsachtig voorgebergte in de 16e eeuw tijdens de Renaissance.<br>Het was de Franse admiraal Philippe CHABOT DE BRION, een vriend van Fran\u00e7ois 1e, die de opdracht gaf voor de bouw.<br>Het verving het middeleeuwse fort.<\/p>\n\n\n\n<p><em>Wat is er te doen?<\/em><\/p>\n\n\n\n<p>het panorama vanaf de top van de East Tower.<br>De droom van de admiraal (video en virtueel theater)<\/p>\n\n\n\n<p>  Favoriet van Le Ragis: &#8220;Le Rouleau d&#8217;Apremont&#8221; &#8211; Schattenjacht voor kinderen.<\/p>\n<\/div>\n\n\n\n<div class=\"wp-block-column is-vertically-aligned-center is-layout-flow wp-block-column-is-layout-flow\">\n<figure class=\"wp-block-image size-full\"><img loading=\"lazy\" decoding=\"async\" width=\"600\" height=\"400\" src=\"https:\/\/camping-leragis.com\/wp-content\/uploads\/2023\/11\/chateau-d-apremont-IMG_2475.jpg\" alt=\"\" class=\"wp-image-8425\" srcset=\"https:\/\/camping-leragis.com\/wp-content\/uploads\/2023\/11\/chateau-d-apremont-IMG_2475.jpg 600w, https:\/\/camping-leragis.com\/wp-content\/uploads\/2023\/11\/chateau-d-apremont-IMG_2475-300x200.jpg 300w\" sizes=\"auto, (max-width: 600px) 100vw, 600px\" \/><\/figure>\n<\/div>\n<\/div>\n\n\n\n<div class=\"wp-block-group alignfull has-background is-layout-constrained wp-block-group-is-layout-constrained\" style=\"background-color:#ec9d0b24;padding-top:var(--wp--preset--spacing--50);padding-bottom:var(--wp--preset--spacing--50)\">\n<div class=\"wp-block-columns are-vertically-aligned-center is-layout-flex wp-container-core-columns-is-layout-28f84493 wp-block-columns-is-layout-flex\">\n<div class=\"wp-block-column is-vertically-aligned-center is-layout-flow wp-block-column-is-layout-flow\">\n<figure class=\"wp-block-image size-full\"><img loading=\"lazy\" decoding=\"async\" width=\"600\" height=\"400\" src=\"https:\/\/camping-leragis.com\/wp-content\/uploads\/2023\/11\/passage-du-gois-IMG_7792.jpg\" alt=\"\" class=\"wp-image-8426\" srcset=\"https:\/\/camping-leragis.com\/wp-content\/uploads\/2023\/11\/passage-du-gois-IMG_7792.jpg 600w, https:\/\/camping-leragis.com\/wp-content\/uploads\/2023\/11\/passage-du-gois-IMG_7792-300x200.jpg 300w\" sizes=\"auto, (max-width: 600px) 100vw, 600px\" \/><\/figure>\n<\/div>\n\n\n\n<div class=\"wp-block-column is-vertically-aligned-center is-layout-flow wp-block-column-is-layout-flow\">\n<h2 class=\"wp-block-heading\">Noirmoutier, een uniek eiland op 30 km van de camping<\/h2>\n\n\n\n<p><strong>&#8230;Met de passage van de Gois<\/strong>,<br>Een 4,5 km lange onderwaterweg, met negen markeringen die dienen als toevluchtsoord voor de onwetenden die er bij opkomend tij doorheen probeerden te komen.<br>Deze unieke lange doorgang verbindt het eiland met Beauvoir-sur-Mer en is bij eb d\u00e9 plek om te voet te vissen in de Vend\u00e9e.<br>Er zijn mosselen, oesters en kokkels. Maar pas op voor het opkomende tij! Informatie over getijden is verkrijgbaar bij de receptie van uw camping Le Ragis!<br>Je kunt het eiland Noirmoutier ook bereiken via de brug bij La Barre de Monts.<br>Je hebt het voorrecht om een unieke geologische site te bezoeken, het symbool en de trots van de Noirmoutrins.<\/p>\n<\/div>\n<\/div>\n\n\n\n<div class=\"wp-block-columns are-vertically-aligned-center is-layout-flex wp-container-core-columns-is-layout-28f84493 wp-block-columns-is-layout-flex\">\n<div class=\"wp-block-column is-vertically-aligned-center is-layout-flow wp-block-column-is-layout-flow\">\n<p>Het Gois staat sinds 11 juli 1942 op de monumentenlijst.<br>Voor de goede orde:<br>De naam Gois (Goy in het Oudfrans) komt van goiser, wat in plaatselijk dialect betekent lopen terwijl je je hoeven natmaakt. Het zou ook een vervorming van &#8220;ford&#8221; kunnen zijn.<\/p>\n\n\n\n<p><strong>Voor een rondleiding :<\/strong> <em>neem contact op met Brigitte (06 87 39 11 48) en Anne-Marie (06 88 46 32 75) bij het toeristenbureau van Noirmoutier en l&#8217;ile.<\/em><\/p>\n\n\n\n<p>Nadat je de Gois bent overgestoken, kun je het eiland met zijn vijf gemeenten rondfietsen en stoppen om de vissers- en jachthavens en vooral de zoutpannen te bezoeken.<\/p>\n\n\n\n<p>Je favoriete camping raadt je aan om fleur de sel te proberen, zout van de hoogste kwaliteit, rijk aan sporenelementen.<br>Je kunt stoppen in <a href=\"https:\/\/camping-leragis.com\/nl\/noirmoutier\/\" data-type=\"page\" data-id=\"8060\">Noirmoutier<\/a> en l&#8217;ile om het kasteel te bezoeken.<\/p>\n<\/div>\n\n\n\n<div class=\"wp-block-column is-vertically-aligned-center is-layout-flow wp-block-column-is-layout-flow\">\n<figure class=\"wp-block-image size-full\"><img loading=\"lazy\" decoding=\"async\" width=\"600\" height=\"400\" src=\"https:\/\/camping-leragis.com\/wp-content\/uploads\/2023\/11\/noirmoutier.jpg\" alt=\"\" class=\"wp-image-8427\" srcset=\"https:\/\/camping-leragis.com\/wp-content\/uploads\/2023\/11\/noirmoutier.jpg 600w, https:\/\/camping-leragis.com\/wp-content\/uploads\/2023\/11\/noirmoutier-300x200.jpg 300w\" sizes=\"auto, (max-width: 600px) 100vw, 600px\" \/><\/figure>\n<\/div>\n<\/div>\n<\/div>\n\n\n\n<div class=\"wp-block-columns are-vertically-aligned-center is-layout-flex wp-container-core-columns-is-layout-ef350914 wp-block-columns-is-layout-flex\" style=\"padding-top:var(--wp--preset--spacing--30);padding-bottom:var(--wp--preset--spacing--30)\">\n<div class=\"wp-block-column is-vertically-aligned-center is-layout-flow wp-block-column-is-layout-flow\">\n<figure class=\"wp-block-image size-full\"><img loading=\"lazy\" decoding=\"async\" width=\"768\" height=\"512\" src=\"https:\/\/camping-leragis.com\/wp-content\/uploads\/2023\/11\/vieux-chateau-ile-dyeu-IMG_8423-768x512-1.jpg\" alt=\"\" class=\"wp-image-8428\" srcset=\"https:\/\/camping-leragis.com\/wp-content\/uploads\/2023\/11\/vieux-chateau-ile-dyeu-IMG_8423-768x512-1.jpg 768w, https:\/\/camping-leragis.com\/wp-content\/uploads\/2023\/11\/vieux-chateau-ile-dyeu-IMG_8423-768x512-1-300x200.jpg 300w\" sizes=\"auto, (max-width: 768px) 100vw, 768px\" \/><\/figure>\n<\/div>\n\n\n\n<div class=\"wp-block-column is-vertically-aligned-center is-layout-flow wp-block-column-is-layout-flow\">\n<h2 class=\"wp-block-heading\">Bezoek het eiland Yeu<\/h2>\n\n\n\n<p>Het eiland van de vissers uit de Vend\u00e9e. Bezoek dit wilde eiland dat per boot bereikbaar is voor een dagtocht. <a href=\"https:\/\/camping-leragis.com\/cote-mer-iles\/lile-dyeu\/\" data-type=\"page\" data-id=\"8064\">Het eiland<\/a> kan te voet, op de fiets of met een treintje worden bezocht. Prachtige landschappen wachten op je, evenals stranden beschut in baaien&#8230; Je ontdekt er ook vissershuisjes, havens en het beroemde versterkte kasteel van het eiland.<\/p>\n<\/div>\n<\/div>\n\n\n<div class=\"wp-block-sev-diaporama alignfull\">\t\t\t<div id=\"sevgallery-10159885\" class=\"sev-diaporama sev-diaporama-portfolio\">\n\t\t\t<div class=\"row\">\n\n\t\t\t\n\t\t\t\t\n\t\t\t\t<div class=\"sev-diaporama-portfolio-item col-12 col-sm  col-grow\">\n\n\t\t\t\t\t\t\t\t\t\t<a href=\"https:\/\/camping-leragis.com\/wp-content\/uploads\/2023\/11\/photo-ville-apremont-riviere-lavoir-IMG_2488.jpg\" data-lightbox=\"sevgallery-10159885\" style=\"background-image: url(https:\/\/camping-leragis.com\/wp-content\/uploads\/2023\/11\/photo-ville-apremont-riviere-lavoir-IMG_2488.jpg)\">\n\t\t\t\t\t\t\t\t\t\t\t<img decoding=\"async\" src=\"https:\/\/camping-leragis.com\/wp-content\/uploads\/2023\/11\/photo-ville-apremont-riviere-lavoir-IMG_2488.jpg\" alt=\"village d&#039;apremont\" loading=\"lazy\">\n\t\t\t\t\t\t\t\t\t\t<\/a>\n\t\t\t\t\t\t\t\t\t<\/div>\n\n\t\t\t\t\n\t\t\t\t\t\t\t\t\t\t\t\n\t\t\t\t\n\t\t\t\t<div class=\"sev-diaporama-portfolio-item col-12 col-sm  col-shrink\">\n\n\t\t\t\t\t\t\t\t\t\t<a href=\"https:\/\/camping-leragis.com\/wp-content\/uploads\/2023\/11\/apremont-IMG_2472.jpg\" data-lightbox=\"sevgallery-10159885\" style=\"background-image: url(https:\/\/camping-leragis.com\/wp-content\/uploads\/2023\/11\/apremont-IMG_2472.jpg)\">\n\t\t\t\t\t\t\t\t\t\t\t<img decoding=\"async\" src=\"https:\/\/camping-leragis.com\/wp-content\/uploads\/2023\/11\/apremont-IMG_2472.jpg\" alt=\"village d&#039;apremont\" loading=\"lazy\">\n\t\t\t\t\t\t\t\t\t\t<\/a>\n\t\t\t\t\t\t\t\t\t<\/div>\n\n\t\t\t\t\n\t\t\t\t\t\t\t\t\t\t\t\n\t\t\t\t\n\t\t\t\t<div class=\"sev-diaporama-portfolio-item col-12 col-sm  col-grow\">\n\n\t\t\t\t\t\t\t\t\t\t<a href=\"https:\/\/camping-leragis.com\/wp-content\/uploads\/2023\/11\/Bois-de-la-chaise-noirmoutier-IMG_8499.jpg\" data-lightbox=\"sevgallery-10159885\" style=\"background-image: url(https:\/\/camping-leragis.com\/wp-content\/uploads\/2023\/11\/Bois-de-la-chaise-noirmoutier-IMG_8499.jpg)\">\n\t\t\t\t\t\t\t\t\t\t\t<img decoding=\"async\" src=\"https:\/\/camping-leragis.com\/wp-content\/uploads\/2023\/11\/Bois-de-la-chaise-noirmoutier-IMG_8499.jpg\" alt=\"bois de la chaise \u00e0 noirmoutier\" loading=\"lazy\">\n\t\t\t\t\t\t\t\t\t\t<\/a>\n\t\t\t\t\t\t\t\t\t<\/div>\n\n\t\t\t\t\t\t\t\t\t<div class=\"w-100\"><\/div>\n\t\t\t\t\t\t\t\t\t\n\t\t\t\t\t\t\t\t\t\t\t\n\t\t\t\t\n\t\t\t\t<div class=\"sev-diaporama-portfolio-item col-12 col-sm  col-shrink\">\n\n\t\t\t\t\t\t\t\t\t\t<a href=\"https:\/\/camping-leragis.com\/wp-content\/uploads\/2023\/11\/sallertaine-IMG_6458.jpg\" data-lightbox=\"sevgallery-10159885\" style=\"background-image: url(https:\/\/camping-leragis.com\/wp-content\/uploads\/2023\/11\/sallertaine-IMG_6458.jpg)\">\n\t\t\t\t\t\t\t\t\t\t\t<img decoding=\"async\" src=\"https:\/\/camping-leragis.com\/wp-content\/uploads\/2023\/11\/sallertaine-IMG_6458.jpg\" alt=\"sallertaine en Vend\u00e9e\" loading=\"lazy\">\n\t\t\t\t\t\t\t\t\t\t<\/a>\n\t\t\t\t\t\t\t\t\t<\/div>\n\n\t\t\t\t\n\t\t\t\t\t\t\t\t\t\t\t\n\t\t\t\t\n\t\t\t\t<div class=\"sev-diaporama-portfolio-item col-12 col-sm  col-grow\">\n\n\t\t\t\t\t\t\t\t\t\t<a href=\"https:\/\/camping-leragis.com\/wp-content\/uploads\/2023\/11\/sallertaine-IMG_5606.jpg\" data-lightbox=\"sevgallery-10159885\" style=\"background-image: url(https:\/\/camping-leragis.com\/wp-content\/uploads\/2023\/11\/sallertaine-IMG_5606.jpg)\">\n\t\t\t\t\t\t\t\t\t\t\t<img decoding=\"async\" src=\"https:\/\/camping-leragis.com\/wp-content\/uploads\/2023\/11\/sallertaine-IMG_5606.jpg\" alt=\"sallertaine en Vend\u00e9e\" loading=\"lazy\">\n\t\t\t\t\t\t\t\t\t\t<\/a>\n\t\t\t\t\t\t\t\t\t<\/div>\n\n\t\t\t\t\n\t\t\t\t\t\t\t\t\t\t\t\t\t\t<\/div>\n\t\t\t<\/div>\n\n\t\t\t<script>\n\t\t\tjQuery(function($) {\n\n\t\t\t\tvar marginPortfolio = function() {\n\n\t\t\t\t\tvar $diapo          = $('#sevgallery-10159885');\n\t\t\t\t\tvar container_width = $diapo.parent().outerWidth();\n\t\t\t\t\tvar side            = ( $(window).innerWidth() - container_width ) \/ 2;\n\n\t\t\t\t\t$diapo.css( {\n\t\t\t\t\t\t'margin-left': '-' + side + 'px',\n\t\t\t\t\t\t'margin-right': '-' + side + 'px',\n\t\t\t\t\t} );\n\t\t\t\t};\n\n\t\t\t\t$( window ).resize( function() {\n\t\t\t\t\tmarginPortfolio();\n\t\t\t\t} );\n\t\t\t\tmarginPortfolio();\n\t\t\t});\n\t\t\t<\/script>\n\t\t\t<\/div>","protected":false},"excerpt":{"rendered":"<p>Dit zijn de belangrijkste toeristische trekpleisters in de Vend\u00e9e. Bezoek tijdens uw verblijf in de Vend\u00e9e de dorpen en ongewone plaatsen die de landschappen van de moerassen, de bocage en de eilanden hebben gevormd, uniek om hun schoonheid. We hebben de beste plaatsen in de noordelijke Vend\u00e9e in de buurt van de camping geselecteerd. Tip [&hellip;]<\/p>\n","protected":false},"author":2,"featured_media":0,"parent":9968,"menu_order":0,"comment_status":"closed","ping_status":"closed","template":"","meta":{"_seopress_robots_primary_cat":"","_seopress_titles_title":"Ga op avontuur in de nabijgelegen dorpen","_seopress_titles_desc":"Er zijn veel dorpen te ontdekken in de Vend\u00e9e. Profiteer dus optimaal van je verblijf en trek eropuit!","_seopress_robots_index":"","footnotes":""},"class_list":["post-10013","page","type-page","status-publish","hentry"],"_links":{"self":[{"href":"https:\/\/camping-leragis.com\/nl\/wp-json\/wp\/v2\/pages\/10013","targetHints":{"allow":["GET"]}}],"collection":[{"href":"https:\/\/camping-leragis.com\/nl\/wp-json\/wp\/v2\/pages"}],"about":[{"href":"https:\/\/camping-leragis.com\/nl\/wp-json\/wp\/v2\/types\/page"}],"author":[{"embeddable":true,"href":"https:\/\/camping-leragis.com\/nl\/wp-json\/wp\/v2\/users\/2"}],"replies":[{"embeddable":true,"href":"https:\/\/camping-leragis.com\/nl\/wp-json\/wp\/v2\/comments?post=10013"}],"version-history":[{"count":2,"href":"https:\/\/camping-leragis.com\/nl\/wp-json\/wp\/v2\/pages\/10013\/revisions"}],"predecessor-version":[{"id":10279,"href":"https:\/\/camping-leragis.com\/nl\/wp-json\/wp\/v2\/pages\/10013\/revisions\/10279"}],"up":[{"embeddable":true,"href":"https:\/\/camping-leragis.com\/nl\/wp-json\/wp\/v2\/pages\/9968"}],"wp:attachment":[{"href":"https:\/\/camping-leragis.com\/nl\/wp-json\/wp\/v2\/media?parent=10013"}],"curies":[{"name":"wp","href":"https:\/\/api.w.org\/{rel}","templated":true}]}}